{"id":38,"date":"2019-01-18T16:50:23","date_gmt":"2019-01-18T16:50:23","guid":{"rendered":"http:\/\/somoscgc.energy\/eng\/?page_id=38"},"modified":"2026-04-14T21:14:14","modified_gmt":"2026-04-14T21:14:14","slug":"board-of-directors","status":"publish","type":"page","link":"https:\/\/cgc.energy\/eng\/board-of-directors\/","title":{"rendered":"Board of Directors"},"content":{"rendered":"\t\t<div data-elementor-type=\"wp-post\" data-elementor-id=\"38\" class=\"elementor elementor-38\" data-elementor-settings=\"[]\">\n\t\t\t\t\t\t<div class=\"elementor-inner\">\n\t\t\t\t\t\t\t<div class=\"elementor-section-wrap\">\n\t\t\t\t\t\t\t<section class=\"elementor-section elementor-top-section elementor-element elementor-element-2b19649d elementor-section-boxed elementor-section-height-default elementor-section-height-default\" data-id=\"2b19649d\" data-element_type=\"section\">\n\t\t\t\t\t\t<div class=\"elementor-container elementor-column-gap-default\">\n\t\t\t\t\t\t\t<div class=\"elementor-row\">\n\t\t\t\t\t<div class=\"elementor-column elementor-col-100 elementor-top-column elementor-element elementor-element-47775573\" data-id=\"47775573\" data-element_type=\"column\">\n\t\t\t<div class=\"elementor-column-wrap elementor-element-populated\">\n\t\t\t\t\t\t\t<div class=\"elementor-widget-wrap\">\n\t\t\t\t\t\t<div class=\"elementor-element elementor-element-72dda753 elementor-widget elementor-widget-heading\" data-id=\"72dda753\" data-element_type=\"widget\" data-widget_type=\"heading.default\">\n\t\t\t\t<div class=\"elementor-widget-container\">\n\t\t\t<h2 class=\"elementor-heading-title elementor-size-default\">BOARD OF DIRECTORS <\/h2>\t\t<\/div>\n\t\t\t\t<\/div>\n\t\t\t\t<div class=\"elementor-element elementor-element-988c71b elementor-widget elementor-widget-text-editor\" data-id=\"988c71b\" data-element_type=\"widget\" data-widget_type=\"text-editor.default\">\n\t\t\t\t<div class=\"elementor-widget-container\">\n\t\t\t\t\t\t\t\t<div class=\"elementor-text-editor elementor-clearfix\">\n\t\t\t\t<p>We are managed by a board of directors, which is currently composed of nine directors and six alternate directors. The shareholders present at our shareholders\u2019 meetings may determine the number of directors, which shall be no less than five and no more than eleven in case of regular directors and no more than six in case of alternate directors. Each director is elected by a majority of the relevant shareholders present at the shareholders\u2019 meetings for a two-year term and can be reelected to successive terms.<\/p><p>The term of each of the members of our board of directors will expire on the date of our annual shareholders meeting approving our financial statements for the most recent fiscal year.<\/p>\t\t\t\t\t<\/div>\n\t\t\t\t\t\t<\/div>\n\t\t\t\t<\/div>\n\t\t\t\t\t\t<\/div>\n\t\t\t\t\t<\/div>\n\t\t<\/div>\n\t\t\t\t\t\t\t\t<\/div>\n\t\t\t\t\t<\/div>\n\t\t<\/section>\n\t\t\t\t<section class=\"elementor-section elementor-top-section elementor-element elementor-element-454f2a0c elementor-section-boxed elementor-section-height-default elementor-section-height-default\" data-id=\"454f2a0c\" data-element_type=\"section\">\n\t\t\t\t\t\t<div class=\"elementor-container elementor-column-gap-default\">\n\t\t\t\t\t\t\t<div class=\"elementor-row\">\n\t\t\t\t\t<div class=\"elementor-column elementor-col-50 elementor-top-column elementor-element elementor-element-3ca32bc6\" data-id=\"3ca32bc6\" data-element_type=\"column\">\n\t\t\t<div class=\"elementor-column-wrap elementor-element-populated\">\n\t\t\t\t\t\t\t<div class=\"elementor-widget-wrap\">\n\t\t\t\t\t\t<div class=\"elementor-element elementor-element-03e7144 elementor-widget elementor-widget-image\" data-id=\"03e7144\" data-element_type=\"widget\" data-widget_type=\"image.default\">\n\t\t\t\t<div class=\"elementor-widget-container\">\n\t\t\t\t\t\t\t\t<div class=\"elementor-image\">\n\t\t\t\t\t\t\t\t\t\t\t\t<img src=\"https:\/\/cgc.energy\/eng\/wp-content\/uploads\/2019\/02\/Hugo-Eurnekian-150x150.jpg\" title=\"Hugo Eurnekian\" alt=\"Hugo Eurnekian\" \/>\t\t\t\t\t\t\t\t\t\t\t\t\t\t<\/div>\n\t\t\t\t\t\t<\/div>\n\t\t\t\t<\/div>\n\t\t\t\t<div class=\"elementor-element elementor-element-3aef415 elementor-hidden-phone elementor-widget elementor-widget-spacer\" data-id=\"3aef415\" data-element_type=\"widget\" data-widget_type=\"spacer.default\">\n\t\t\t\t<div class=\"elementor-widget-container\">\n\t\t\t\t\t<div class=\"elementor-spacer\">\n\t\t\t<div class=\"elementor-spacer-inner\"><\/div>\n\t\t<\/div>\n\t\t\t\t<\/div>\n\t\t\t\t<\/div>\n\t\t\t\t\t\t<\/div>\n\t\t\t\t\t<\/div>\n\t\t<\/div>\n\t\t\t\t<div class=\"elementor-column elementor-col-50 elementor-top-column elementor-element elementor-element-3652eccc\" data-id=\"3652eccc\" data-element_type=\"column\">\n\t\t\t<div class=\"elementor-column-wrap elementor-element-populated\">\n\t\t\t\t\t\t\t<div class=\"elementor-widget-wrap\">\n\t\t\t\t\t\t<div class=\"elementor-element elementor-element-43ceb23 elementor-widget elementor-widget-heading\" data-id=\"43ceb23\" data-element_type=\"widget\" data-widget_type=\"heading.default\">\n\t\t\t\t<div class=\"elementor-widget-container\">\n\t\t\t<h2 class=\"elementor-heading-title elementor-size-default\">Eduardo Hugo Antranik Eurnekian<\/h2>\t\t<\/div>\n\t\t\t\t<\/div>\n\t\t\t\t<div class=\"elementor-element elementor-element-d786707 elementor-widget elementor-widget-text-editor\" data-id=\"d786707\" data-element_type=\"widget\" data-widget_type=\"text-editor.default\">\n\t\t\t\t<div class=\"elementor-widget-container\">\n\t\t\t\t\t\t\t\t<div class=\"elementor-text-editor elementor-clearfix\">\n\t\t\t\tHugo Eurnekian is an Argentine entrepreneur who serves as the head of Compa\u00f1\u00eda General de Combustibles (CGC), part of the Corporaci\u00f3n Am\u00e9rica Group. With over a decade of experience in the energy sector, he has driven initiatives in biofuels and renewable energy, while also leading strategic acquisitions that have positioned CGC as a significant player in Argentina\u2019s hydrocarbon production. Under his leadership, the company has strengthened its presence in the Austral Basin and the GSJ Basin, initiated operations in Vaca Muerta, and advanced exploration in Palermo Aike, regarded as one of the country\u2019s most promising unconventional reservoirs for the future.\t\t\t\t\t<\/div>\n\t\t\t\t\t\t<\/div>\n\t\t\t\t<\/div>\n\t\t\t\t\t\t<\/div>\n\t\t\t\t\t<\/div>\n\t\t<\/div>\n\t\t\t\t\t\t\t\t<\/div>\n\t\t\t\t\t<\/div>\n\t\t<\/section>\n\t\t\t\t<section class=\"elementor-section elementor-top-section elementor-element elementor-element-fd18aa3 elementor-section-boxed elementor-section-height-default elementor-section-height-default\" data-id=\"fd18aa3\" data-element_type=\"section\">\n\t\t\t\t\t\t<div class=\"elementor-container elementor-column-gap-default\">\n\t\t\t\t\t\t\t<div class=\"elementor-row\">\n\t\t\t\t\t<div class=\"elementor-column elementor-col-50 elementor-top-column elementor-element elementor-element-973bfd8\" data-id=\"973bfd8\" data-element_type=\"column\">\n\t\t\t<div class=\"elementor-column-wrap elementor-element-populated\">\n\t\t\t\t\t\t\t<div class=\"elementor-widget-wrap\">\n\t\t\t\t\t\t<div class=\"elementor-element elementor-element-79e91b2 elementor-widget elementor-widget-image\" data-id=\"79e91b2\" data-element_type=\"widget\" data-widget_type=\"image.default\">\n\t\t\t\t<div class=\"elementor-widget-container\">\n\t\t\t\t\t\t\t\t<div class=\"elementor-image\">\n\t\t\t\t\t\t\t\t\t\t\t\t<img width=\"150\" height=\"150\" src=\"https:\/\/cgc.energy\/eng\/wp-content\/uploads\/2025\/09\/Juan-Pablo-Freijo-d-150x150.png\" class=\"attachment-thumbnail size-thumbnail\" alt=\"\" loading=\"lazy\" srcset=\"https:\/\/cgc.energy\/eng\/wp-content\/uploads\/2025\/09\/Juan-Pablo-Freijo-d-150x150.png 150w, https:\/\/cgc.energy\/eng\/wp-content\/uploads\/2025\/09\/Juan-Pablo-Freijo-d-300x300.png 300w, https:\/\/cgc.energy\/eng\/wp-content\/uploads\/2025\/09\/Juan-Pablo-Freijo-d.png 350w\" sizes=\"(max-width: 150px) 100vw, 150px\" \/>\t\t\t\t\t\t\t\t\t\t\t\t\t\t<\/div>\n\t\t\t\t\t\t<\/div>\n\t\t\t\t<\/div>\n\t\t\t\t\t\t<\/div>\n\t\t\t\t\t<\/div>\n\t\t<\/div>\n\t\t\t\t<div class=\"elementor-column elementor-col-50 elementor-top-column elementor-element elementor-element-ca02ed9\" data-id=\"ca02ed9\" data-element_type=\"column\">\n\t\t\t<div class=\"elementor-column-wrap elementor-element-populated\">\n\t\t\t\t\t\t\t<div class=\"elementor-widget-wrap\">\n\t\t\t\t\t\t<div class=\"elementor-element elementor-element-93c0512 elementor-widget elementor-widget-heading\" data-id=\"93c0512\" data-element_type=\"widget\" data-widget_type=\"heading.default\">\n\t\t\t\t<div class=\"elementor-widget-container\">\n\t\t\t<h2 class=\"elementor-heading-title elementor-size-default\">Juan Pablo Freijo<\/h2>\t\t<\/div>\n\t\t\t\t<\/div>\n\t\t\t\t<div class=\"elementor-element elementor-element-fce75d0 elementor-widget elementor-widget-text-editor\" data-id=\"fce75d0\" data-element_type=\"widget\" data-widget_type=\"text-editor.default\">\n\t\t\t\t<div class=\"elementor-widget-container\">\n\t\t\t\t\t\t\t\t<div class=\"elementor-text-editor elementor-clearfix\">\n\t\t\t\t<p>Mr. Freijo\u00a0joined Corporaci\u00f3n Am\u00e9rica\u2019s energy business unit in 2010, and currently serves at CGC as New Business Development and Human Resources VP. He is also vice-president of the Board of Directors. He led the acquisition of CGC in 2013, the acquisition of Petrobras assets in the Austral Basin in 2015, and the acquisition of Sinopec Argentina\u2019s assets in 2021. Previously, he worked at Columbus Merchant Banking as a Mergers and Acquisitions, Debt Restructuring and Financial Transaction Advisor.<\/p><p>He holds a degree in Industrial Engineering from ITBA, a Master degree in Finance from the Universidad Torcuato Di Tella, a Master degree in Oil&amp;Gas from ITBA, and a Master of Science in Management from Stanford Graduate School of Business.<\/p>\t\t\t\t\t<\/div>\n\t\t\t\t\t\t<\/div>\n\t\t\t\t<\/div>\n\t\t\t\t\t\t<\/div>\n\t\t\t\t\t<\/div>\n\t\t<\/div>\n\t\t\t\t\t\t\t\t<\/div>\n\t\t\t\t\t<\/div>\n\t\t<\/section>\n\t\t\t\t<section class=\"elementor-section elementor-top-section elementor-element elementor-element-b289862 elementor-section-boxed elementor-section-height-default elementor-section-height-default\" data-id=\"b289862\" data-element_type=\"section\">\n\t\t\t\t\t\t<div class=\"elementor-container elementor-column-gap-default\">\n\t\t\t\t\t\t\t<div class=\"elementor-row\">\n\t\t\t\t\t<div class=\"elementor-column elementor-col-50 elementor-top-column elementor-element elementor-element-bfefad8\" data-id=\"bfefad8\" data-element_type=\"column\">\n\t\t\t<div class=\"elementor-column-wrap elementor-element-populated\">\n\t\t\t\t\t\t\t<div class=\"elementor-widget-wrap\">\n\t\t\t\t\t\t<div class=\"elementor-element elementor-element-f8d9ac2 elementor-widget elementor-widget-image\" data-id=\"f8d9ac2\" data-element_type=\"widget\" data-widget_type=\"image.default\">\n\t\t\t\t<div class=\"elementor-widget-container\">\n\t\t\t\t\t\t\t\t<div class=\"elementor-image\">\n\t\t\t\t\t\t\t\t\t\t\t\t<img width=\"200\" height=\"200\" src=\"https:\/\/cgc.energy\/eng\/wp-content\/uploads\/2020\/09\/Raffaeli300.jpeg\" class=\"attachment-full size-full\" alt=\"\" loading=\"lazy\" srcset=\"https:\/\/cgc.energy\/eng\/wp-content\/uploads\/2020\/09\/Raffaeli300.jpeg 200w, https:\/\/cgc.energy\/eng\/wp-content\/uploads\/2020\/09\/Raffaeli300-150x150.jpeg 150w\" sizes=\"(max-width: 200px) 100vw, 200px\" \/>\t\t\t\t\t\t\t\t\t\t\t\t\t\t<\/div>\n\t\t\t\t\t\t<\/div>\n\t\t\t\t<\/div>\n\t\t\t\t<div class=\"elementor-element elementor-element-0e61892 elementor-widget elementor-widget-spacer\" data-id=\"0e61892\" data-element_type=\"widget\" data-widget_type=\"spacer.default\">\n\t\t\t\t<div class=\"elementor-widget-container\">\n\t\t\t\t\t<div class=\"elementor-spacer\">\n\t\t\t<div class=\"elementor-spacer-inner\"><\/div>\n\t\t<\/div>\n\t\t\t\t<\/div>\n\t\t\t\t<\/div>\n\t\t\t\t\t\t<\/div>\n\t\t\t\t\t<\/div>\n\t\t<\/div>\n\t\t\t\t<div class=\"elementor-column elementor-col-50 elementor-top-column elementor-element elementor-element-d082b3c\" data-id=\"d082b3c\" data-element_type=\"column\">\n\t\t\t<div class=\"elementor-column-wrap elementor-element-populated\">\n\t\t\t\t\t\t\t<div class=\"elementor-widget-wrap\">\n\t\t\t\t\t\t<div class=\"elementor-element elementor-element-af6bec5 elementor-widget elementor-widget-heading\" data-id=\"af6bec5\" data-element_type=\"widget\" data-widget_type=\"heading.default\">\n\t\t\t\t<div class=\"elementor-widget-container\">\n\t\t\t<h2 class=\"elementor-heading-title elementor-size-default\">Nestor Rub\u00e9n Raffaeli <\/h2>\t\t<\/div>\n\t\t\t\t<\/div>\n\t\t\t\t<div class=\"elementor-element elementor-element-e12d900 elementor-widget elementor-widget-text-editor\" data-id=\"e12d900\" data-element_type=\"widget\" data-widget_type=\"text-editor.default\">\n\t\t\t\t<div class=\"elementor-widget-container\">\n\t\t\t\t\t\t\t\t<div class=\"elementor-text-editor elementor-clearfix\">\n\t\t\t\t<p>Mr. Raffaeli joined CGC in 2006 and served as our administration and finance director through February 2020. He is currently administration and finance director in Transportadora de Gas del Norte (\u201cTGN\u201d). He held several management positions at Compa\u00f1\u00eda Naviera P\u00e9rez Companc S.A. (\u201cPeCom\u201d) and Petrobras Energ\u00eda S.A., and served as administration and finance manager at Empresa Petrolera Andina S.A., the joint arrangement of PeCom, YPF and Pluspetrol in Bolivia; accountant manager at PeCom, in Buenos Aires; and strategic planning manager at PeCom and Petrobras Energ\u00eda S.A. He holds a degree in public accounting from the Universidad Nacional de C\u00f3rdoba.<\/p>\t\t\t\t\t<\/div>\n\t\t\t\t\t\t<\/div>\n\t\t\t\t<\/div>\n\t\t\t\t\t\t<\/div>\n\t\t\t\t\t<\/div>\n\t\t<\/div>\n\t\t\t\t\t\t\t\t<\/div>\n\t\t\t\t\t<\/div>\n\t\t<\/section>\n\t\t\t\t<section class=\"elementor-section elementor-top-section elementor-element elementor-element-bd67371 elementor-section-boxed elementor-section-height-default elementor-section-height-default\" data-id=\"bd67371\" data-element_type=\"section\">\n\t\t\t\t\t\t<div class=\"elementor-container elementor-column-gap-default\">\n\t\t\t\t\t\t\t<div class=\"elementor-row\">\n\t\t\t\t\t<div class=\"elementor-column elementor-col-50 elementor-top-column elementor-element elementor-element-4a7cff1\" data-id=\"4a7cff1\" data-element_type=\"column\">\n\t\t\t<div class=\"elementor-column-wrap elementor-element-populated\">\n\t\t\t\t\t\t\t<div class=\"elementor-widget-wrap\">\n\t\t\t\t\t\t<div class=\"elementor-element elementor-element-23379d6 elementor-widget elementor-widget-image\" data-id=\"23379d6\" data-element_type=\"widget\" data-widget_type=\"image.default\">\n\t\t\t\t<div class=\"elementor-widget-container\">\n\t\t\t\t\t\t\t\t<div class=\"elementor-image\">\n\t\t\t\t\t\t\t\t\t\t\t\t<img src=\"https:\/\/cgc.energy\/eng\/wp-content\/uploads\/2019\/04\/Alain-Petitjean-CGC-150x150.jpg\" title=\"Alain-Petitjean-CGC\" alt=\"Alain-Petitjean-CGC\" \/>\t\t\t\t\t\t\t\t\t\t\t\t\t\t<\/div>\n\t\t\t\t\t\t<\/div>\n\t\t\t\t<\/div>\n\t\t\t\t\t\t<\/div>\n\t\t\t\t\t<\/div>\n\t\t<\/div>\n\t\t\t\t<div class=\"elementor-column elementor-col-50 elementor-top-column elementor-element elementor-element-623aba6\" data-id=\"623aba6\" data-element_type=\"column\">\n\t\t\t<div class=\"elementor-column-wrap elementor-element-populated\">\n\t\t\t\t\t\t\t<div class=\"elementor-widget-wrap\">\n\t\t\t\t\t\t<div class=\"elementor-element elementor-element-6e2a23c elementor-widget elementor-widget-heading\" data-id=\"6e2a23c\" data-element_type=\"widget\" data-widget_type=\"heading.default\">\n\t\t\t\t<div class=\"elementor-widget-container\">\n\t\t\t<h2 class=\"elementor-heading-title elementor-size-default\">Alain Petitjean<\/h2>\t\t<\/div>\n\t\t\t\t<\/div>\n\t\t\t\t<div class=\"elementor-element elementor-element-a9558e0 elementor-widget elementor-widget-text-editor\" data-id=\"a9558e0\" data-element_type=\"widget\" data-widget_type=\"text-editor.default\">\n\t\t\t\t<div class=\"elementor-widget-container\">\n\t\t\t\t\t\t\t\t<div class=\"elementor-text-editor elementor-clearfix\">\n\t\t\t\t<p>Mr Petitjean has more than 25 years of international experience in the Oil &amp; Gas industry. He held numerous senior positions such as Financial Controller of Elf Enterprise in Scotland, Head of the Elf Group Consolidation and Reporting division in Paris, CFO of Total Austral in Buenos Aires, Executive Vice-President of Dolphin Energy in Abu Dhabi and finally Head of Total Group\u00b4s Southern Cone Gas &amp; Power division as well as Group Representative for Argentina and Chile. He also served as CEO of Gasoducto GasAndes and was a board member of both TGN and TGM.<\/p><p>Mr Petitjean graduated from Rheims Business School in France and he also holds a British B.A (Hons) in European Business Administration.<\/p>\t\t\t\t\t<\/div>\n\t\t\t\t\t\t<\/div>\n\t\t\t\t<\/div>\n\t\t\t\t\t\t<\/div>\n\t\t\t\t\t<\/div>\n\t\t<\/div>\n\t\t\t\t\t\t\t\t<\/div>\n\t\t\t\t\t<\/div>\n\t\t<\/section>\n\t\t\t\t<section class=\"elementor-section elementor-top-section elementor-element elementor-element-af1a6ec elementor-section-boxed elementor-section-height-default elementor-section-height-default\" data-id=\"af1a6ec\" data-element_type=\"section\">\n\t\t\t\t\t\t<div class=\"elementor-container elementor-column-gap-default\">\n\t\t\t\t\t\t\t<div class=\"elementor-row\">\n\t\t\t\t\t<div class=\"elementor-column elementor-col-50 elementor-top-column elementor-element elementor-element-cc4e2aa\" data-id=\"cc4e2aa\" data-element_type=\"column\">\n\t\t\t<div class=\"elementor-column-wrap elementor-element-populated\">\n\t\t\t\t\t\t\t<div class=\"elementor-widget-wrap\">\n\t\t\t\t\t\t<div class=\"elementor-element elementor-element-03d06da elementor-widget elementor-widget-image\" data-id=\"03d06da\" data-element_type=\"widget\" data-widget_type=\"image.default\">\n\t\t\t\t<div class=\"elementor-widget-container\">\n\t\t\t\t\t\t\t\t<div class=\"elementor-image\">\n\t\t\t\t\t\t\t\t\t\t\t\t<img src=\"https:\/\/cgc.energy\/eng\/wp-content\/uploads\/elementor\/thumbs\/WhatsApp-Image-2021-03-18-at-4.48.09-PM-pay14kjjr2wypf8p3vzbcgjilcnxzd1xi1y2vaux8w.jpeg\" title=\"WhatsApp Image 2021-03-18 at 4.48.09 PM\" alt=\"WhatsApp Image 2021-03-18 at 4.48.09 PM\" \/>\t\t\t\t\t\t\t\t\t\t\t\t\t\t<\/div>\n\t\t\t\t\t\t<\/div>\n\t\t\t\t<\/div>\n\t\t\t\t\t\t<\/div>\n\t\t\t\t\t<\/div>\n\t\t<\/div>\n\t\t\t\t<div class=\"elementor-column elementor-col-50 elementor-top-column elementor-element elementor-element-9266532\" data-id=\"9266532\" data-element_type=\"column\">\n\t\t\t<div class=\"elementor-column-wrap elementor-element-populated\">\n\t\t\t\t\t\t\t<div class=\"elementor-widget-wrap\">\n\t\t\t\t\t\t<div class=\"elementor-element elementor-element-6be32a0 elementor-widget elementor-widget-heading\" data-id=\"6be32a0\" data-element_type=\"widget\" data-widget_type=\"heading.default\">\n\t\t\t\t<div class=\"elementor-widget-container\">\n\t\t\t<h2 class=\"elementor-heading-title elementor-size-default\">Pablo Arnaude<\/h2>\t\t<\/div>\n\t\t\t\t<\/div>\n\t\t\t\t<div class=\"elementor-element elementor-element-6f71b72 elementor-widget elementor-widget-text-editor\" data-id=\"6f71b72\" data-element_type=\"widget\" data-widget_type=\"text-editor.default\">\n\t\t\t\t<div class=\"elementor-widget-container\">\n\t\t\t\t\t\t\t\t<div class=\"elementor-text-editor elementor-clearfix\">\n\t\t\t\t<p>Mr. Arnaude is CEO and Director of Sociedad Comercial del Plata. He currently serves as a member of the board of directors of CGC, Canteras Cerro Negro, DAPSA, Compa\u00f1\u00eda Petrolera del Plata, Delta del Plata and Ferroexpreso Pampeano. Previously, he held several management positions at La Lacteo (Adecoagro), Petrobras and Perez Companc, and also led investment projects in the agro-industrial and real estate sectors. He holds a degree in Business Administration from the Universidad Cat\u00f3lica Argentina and a Master in Executive Management from IAE, and has completed postgraduate studies at ESEADE.<\/p>\t\t\t\t\t<\/div>\n\t\t\t\t\t\t<\/div>\n\t\t\t\t<\/div>\n\t\t\t\t\t\t<\/div>\n\t\t\t\t\t<\/div>\n\t\t<\/div>\n\t\t\t\t\t\t\t\t<\/div>\n\t\t\t\t\t<\/div>\n\t\t<\/section>\n\t\t\t\t<section class=\"elementor-section elementor-top-section elementor-element elementor-element-c424a4a elementor-section-boxed elementor-section-height-default elementor-section-height-default\" data-id=\"c424a4a\" data-element_type=\"section\">\n\t\t\t\t\t\t<div class=\"elementor-container elementor-column-gap-default\">\n\t\t\t\t\t\t\t<div class=\"elementor-row\">\n\t\t\t\t\t<div class=\"elementor-column elementor-col-50 elementor-top-column elementor-element elementor-element-c5908e1\" data-id=\"c5908e1\" data-element_type=\"column\">\n\t\t\t<div class=\"elementor-column-wrap elementor-element-populated\">\n\t\t\t\t\t\t\t<div class=\"elementor-widget-wrap\">\n\t\t\t\t\t\t<div class=\"elementor-element elementor-element-e24fd35 elementor-widget elementor-widget-image\" data-id=\"e24fd35\" data-element_type=\"widget\" data-widget_type=\"image.default\">\n\t\t\t\t<div class=\"elementor-widget-container\">\n\t\t\t\t\t\t\t\t<div class=\"elementor-image\">\n\t\t\t\t\t\t\t\t\t\t\t\t<img src=\"https:\/\/cgc.energy\/eng\/wp-content\/uploads\/elementor\/thumbs\/Ignacio-Noel2-pay14hq16kt3qlcskcrfmz94t71uc9qqhnzmfgz3rk.jpg\" title=\"Ignacio Noel2\" alt=\"Ignacio Noel2\" \/>\t\t\t\t\t\t\t\t\t\t\t\t\t\t<\/div>\n\t\t\t\t\t\t<\/div>\n\t\t\t\t<\/div>\n\t\t\t\t\t\t<\/div>\n\t\t\t\t\t<\/div>\n\t\t<\/div>\n\t\t\t\t<div class=\"elementor-column elementor-col-50 elementor-top-column elementor-element elementor-element-b716d9c\" data-id=\"b716d9c\" data-element_type=\"column\">\n\t\t\t<div class=\"elementor-column-wrap elementor-element-populated\">\n\t\t\t\t\t\t\t<div class=\"elementor-widget-wrap\">\n\t\t\t\t\t\t<div class=\"elementor-element elementor-element-a5954a8 elementor-widget elementor-widget-heading\" data-id=\"a5954a8\" data-element_type=\"widget\" data-widget_type=\"heading.default\">\n\t\t\t\t<div class=\"elementor-widget-container\">\n\t\t\t<h2 class=\"elementor-heading-title elementor-size-default\">Ignacio Noel<\/h2>\t\t<\/div>\n\t\t\t\t<\/div>\n\t\t\t\t<div class=\"elementor-element elementor-element-d41c986 elementor-widget elementor-widget-text-editor\" data-id=\"d41c986\" data-element_type=\"widget\" data-widget_type=\"text-editor.default\">\n\t\t\t\t<div class=\"elementor-widget-container\">\n\t\t\t\t\t\t\t\t<div class=\"elementor-text-editor elementor-clearfix\">\n\t\t\t\t<p>Mr. Noel has been a director since December, 2013. He currently serves as chairman of the boards of directors of Sociedad Comercial del Plata S.A., Parque de la Costa S.A., Metrotel S.A., Morixe Hermanos S.A., Sierras de Mazan S.A. and Alimentos Modernos S.A., and director at Buenos Aires Stock Exchange and Mozarteum Argentino. He has also served as chairman at Petroken Petroqu\u00edmica Ensenada S.A. and a director at Indupa S.A.I.C., Noel &amp; C\u00eda. S.A. and Indelpro S.A. (Mexico).<\/p><p>He holds a degree in industrial engineering from the Universidad de Buenos Aires.<\/p>\t\t\t\t\t<\/div>\n\t\t\t\t\t\t<\/div>\n\t\t\t\t<\/div>\n\t\t\t\t\t\t<\/div>\n\t\t\t\t\t<\/div>\n\t\t<\/div>\n\t\t\t\t\t\t\t\t<\/div>\n\t\t\t\t\t<\/div>\n\t\t<\/section>\n\t\t\t\t<section class=\"elementor-section elementor-top-section elementor-element elementor-element-5b779dd elementor-section-boxed elementor-section-height-default elementor-section-height-default\" data-id=\"5b779dd\" data-element_type=\"section\">\n\t\t\t\t\t\t<div class=\"elementor-container elementor-column-gap-default\">\n\t\t\t\t\t\t\t<div class=\"elementor-row\">\n\t\t\t\t\t<div class=\"elementor-column elementor-col-100 elementor-top-column elementor-element elementor-element-6f45bb2\" data-id=\"6f45bb2\" data-element_type=\"column\">\n\t\t\t<div class=\"elementor-column-wrap elementor-element-populated\">\n\t\t\t\t\t\t\t<div class=\"elementor-widget-wrap\">\n\t\t\t\t\t\t<div class=\"elementor-element elementor-element-09cd8af elementor-widget elementor-widget-spacer\" data-id=\"09cd8af\" data-element_type=\"widget\" data-widget_type=\"spacer.default\">\n\t\t\t\t<div class=\"elementor-widget-container\">\n\t\t\t\t\t<div class=\"elementor-spacer\">\n\t\t\t<div class=\"elementor-spacer-inner\"><\/div>\n\t\t<\/div>\n\t\t\t\t<\/div>\n\t\t\t\t<\/div>\n\t\t\t\t\t\t<\/div>\n\t\t\t\t\t<\/div>\n\t\t<\/div>\n\t\t\t\t\t\t\t\t<\/div>\n\t\t\t\t\t<\/div>\n\t\t<\/section>\n\t\t\t\t\t\t<\/div>\n\t\t\t\t\t\t<\/div>\n\t\t\t\t\t<\/div>\n\t\t","protected":false},"excerpt":{"rendered":"<p>BOARD OF DIRECTORS We are managed by a board of directors, which is currently composed of nine directors and six alternate directors. The shareholders present at our shareholders\u2019 meetings may determine the number of directors, which shall be no less than five and no more than eleven in case of regular directors and no more [&hellip;]<\/p>\n","protected":false},"author":1,"featured_media":0,"parent":0,"menu_order":0,"comment_status":"closed","ping_status":"closed","template":"","meta":{"_mi_skip_tracking":false},"_links":{"self":[{"href":"https:\/\/cgc.energy\/eng\/wp-json\/wp\/v2\/pages\/38"}],"collection":[{"href":"https:\/\/cgc.energy\/eng\/wp-json\/wp\/v2\/pages"}],"about":[{"href":"https:\/\/cgc.energy\/eng\/wp-json\/wp\/v2\/types\/page"}],"author":[{"embeddable":true,"href":"https:\/\/cgc.energy\/eng\/wp-json\/wp\/v2\/users\/1"}],"replies":[{"embeddable":true,"href":"https:\/\/cgc.energy\/eng\/wp-json\/wp\/v2\/comments?post=38"}],"version-history":[{"count":59,"href":"https:\/\/cgc.energy\/eng\/wp-json\/wp\/v2\/pages\/38\/revisions"}],"predecessor-version":[{"id":2197,"href":"https:\/\/cgc.energy\/eng\/wp-json\/wp\/v2\/pages\/38\/revisions\/2197"}],"wp:attachment":[{"href":"https:\/\/cgc.energy\/eng\/wp-json\/wp\/v2\/media?parent=38"}],"curies":[{"name":"wp","href":"https:\/\/api.w.org\/{rel}","templated":true}]}}